{"id":6448,"date":"2021-01-04T14:35:08","date_gmt":"2021-01-04T13:35:08","guid":{"rendered":"https:\/\/www.anchor.eu\/team\/michael-verken\/"},"modified":"2026-06-30T09:54:28","modified_gmt":"2026-06-30T07:54:28","slug":"michael-verken","status":"publish","type":"team","link":"https:\/\/www.anchor.eu\/fr\/team\/michael-verken\/","title":{"rendered":"Michael Verken"},"content":{"rendered":"\n<h3 class=\"wp-block-heading\">Associ\u00e9 | Directeur | Avocat<br>M\u00e9diateur commercial<\/h3>\n\n\n\n<div class=\"wp-block-columns is-layout-flex wp-container-core-columns-is-layout-8f761849 wp-block-columns-is-layout-flex\">\n<div class=\"wp-block-column is-layout-flow wp-block-column-is-layout-flow\">\n<p class=\"wp-block-paragraph\">Cabinet:<br>Augsburg, M\u00fcnchen, Regensburg, Ulm, Weilheim i. OB.<\/p>\n<\/div>\n\n\n\n<div class=\"wp-block-column is-layout-flow wp-block-column-is-layout-flow\">\n<p class=\"wp-block-paragraph\">T\u00e9l.: <br><a href=\"tel:+49 (0)881 901 090-0\">+49 (0)881 901 090-0<\/a><\/p>\n<\/div>\n\n\n\n<div class=\"wp-block-column is-layout-flow wp-block-column-is-layout-flow\">\n<p class=\"wp-block-paragraph\">Fax: <br>+49 (0)881 901 090-60<\/p>\n<\/div>\n\n\n\n<div class=\"wp-block-column is-layout-flow wp-block-column-is-layout-flow\">\n<p class=\"wp-block-paragraph\">E-mail: <br><a href=\"mailto:michael.verken@anchor.eu\">michael.verken@anchor.eu<\/a><\/p>\n<\/div>\n\n\n\n<div class=\"wp-block-column is-vertically-aligned-bottom is-layout-flow wp-block-column-is-layout-flow\">\n<div class=\"wp-block-group is-nowrap is-layout-flex wp-container-core-group-is-layout-f221bfd0 wp-block-group-is-layout-flex\"><div class=\"wp-block-image\">\n<figure class=\"alignright size-full is-resized\"><a href=\"https:\/\/www.anchor.eu\/app\/uploads\/2025\/08\/Michael-Verken-FR.vcf\" target=\"_blank\" rel=\" noreferrer noopener\"><img decoding=\"async\" src=\"https:\/\/www.anchor.eu\/app\/uploads\/2023\/05\/Anchor-VK-Icon.svg\" alt=\"\" class=\"wp-image-44851\" style=\"width:20px;height:auto\"\/><\/a><\/figure>\n<\/div>\n\n<div class=\"wp-block-image\">\n<figure class=\"alignright size-full is-resized\"><a href=\"https:\/\/de.linkedin.com\/in\/michael-verken-210790158\" target=\"_blank\" rel=\" noreferrer noopener\"><img decoding=\"async\" src=\"https:\/\/www.anchor.eu\/app\/uploads\/2020\/07\/Anchor-LinkedIn-Icon.svg\" alt=\"\" class=\"wp-image-44614\" style=\"width:20px\"\/><\/a><\/figure>\n<\/div><\/div>\n<\/div>\n<\/div>\n\n\n\n<div class=\"wp-block-cgb-slideshow width-auto\"><div class=\"swiper-container\"><div class=\"swiper-wrapper\">\n<div class=\"wp-block-cgb-slide swiper-slide\">\n<figure class=\"wp-block-image size-cover-portrait\"><img decoding=\"async\" width=\"400\" height=\"533\" src=\"https:\/\/www.anchor.eu\/app\/uploads\/2021\/01\/Michael_Verken_V7A1632_Anchor_Rechtsanwaelte-400x533.jpg\" alt=\"\" class=\"wp-image-45040\" srcset=\"https:\/\/www.anchor.eu\/app\/uploads\/2021\/01\/Michael_Verken_V7A1632_Anchor_Rechtsanwaelte-400x533.jpg 400w, https:\/\/www.anchor.eu\/app\/uploads\/2021\/01\/Michael_Verken_V7A1632_Anchor_Rechtsanwaelte-225x300.jpg 225w, https:\/\/www.anchor.eu\/app\/uploads\/2021\/01\/Michael_Verken_V7A1632_Anchor_Rechtsanwaelte-768x1024.jpg 768w, https:\/\/www.anchor.eu\/app\/uploads\/2021\/01\/Michael_Verken_V7A1632_Anchor_Rechtsanwaelte-1153x1536.jpg 1153w, https:\/\/www.anchor.eu\/app\/uploads\/2021\/01\/Michael_Verken_V7A1632_Anchor_Rechtsanwaelte-1537x2048.jpg 1537w, https:\/\/www.anchor.eu\/app\/uploads\/2021\/01\/Michael_Verken_V7A1632_Anchor_Rechtsanwaelte-113x150.jpg 113w, https:\/\/www.anchor.eu\/app\/uploads\/2021\/01\/Michael_Verken_V7A1632_Anchor_Rechtsanwaelte-415x553.jpg 415w, https:\/\/www.anchor.eu\/app\/uploads\/2021\/01\/Michael_Verken_V7A1632_Anchor_Rechtsanwaelte-375x500.jpg 375w, https:\/\/www.anchor.eu\/app\/uploads\/2021\/01\/Michael_Verken_V7A1632_Anchor_Rechtsanwaelte-87x116.jpg 87w, https:\/\/www.anchor.eu\/app\/uploads\/2021\/01\/Michael_Verken_V7A1632_Anchor_Rechtsanwaelte.jpg 2048w, https:\/\/www.anchor.eu\/app\/uploads\/2021\/01\/Michael_Verken_V7A1632_Anchor_Rechtsanwaelte-400x533@2x.jpg 800w, https:\/\/www.anchor.eu\/app\/uploads\/2021\/01\/Michael_Verken_V7A1632_Anchor_Rechtsanwaelte-225x300@2x.jpg 450w, https:\/\/www.anchor.eu\/app\/uploads\/2021\/01\/Michael_Verken_V7A1632_Anchor_Rechtsanwaelte-768x1024@2x.jpg 1536w, https:\/\/www.anchor.eu\/app\/uploads\/2021\/01\/Michael_Verken_V7A1632_Anchor_Rechtsanwaelte-415x553@2x.jpg 830w, https:\/\/www.anchor.eu\/app\/uploads\/2021\/01\/Michael_Verken_V7A1632_Anchor_Rechtsanwaelte-375x500@2x.jpg 750w\" sizes=\"(max-width: 400px) 100vw, 400px\" \/><\/figure>\n<\/div>\n\n\n\n<div class=\"wp-block-cgb-slide swiper-slide\">\n<figure class=\"wp-block-image size-cover-portrait\"><img decoding=\"async\" width=\"400\" height=\"533\" src=\"https:\/\/www.anchor.eu\/app\/uploads\/2021\/01\/Michael_Verken_V7A1707_Anchor_Rechtsanwaelte-400x533.jpg\" alt=\"\" class=\"wp-image-45043\" srcset=\"https:\/\/www.anchor.eu\/app\/uploads\/2021\/01\/Michael_Verken_V7A1707_Anchor_Rechtsanwaelte-400x533.jpg 400w, https:\/\/www.anchor.eu\/app\/uploads\/2021\/01\/Michael_Verken_V7A1707_Anchor_Rechtsanwaelte-225x300.jpg 225w, https:\/\/www.anchor.eu\/app\/uploads\/2021\/01\/Michael_Verken_V7A1707_Anchor_Rechtsanwaelte-768x1024.jpg 768w, https:\/\/www.anchor.eu\/app\/uploads\/2021\/01\/Michael_Verken_V7A1707_Anchor_Rechtsanwaelte-1153x1536.jpg 1153w, https:\/\/www.anchor.eu\/app\/uploads\/2021\/01\/Michael_Verken_V7A1707_Anchor_Rechtsanwaelte-1537x2048.jpg 1537w, https:\/\/www.anchor.eu\/app\/uploads\/2021\/01\/Michael_Verken_V7A1707_Anchor_Rechtsanwaelte-113x150.jpg 113w, https:\/\/www.anchor.eu\/app\/uploads\/2021\/01\/Michael_Verken_V7A1707_Anchor_Rechtsanwaelte-415x553.jpg 415w, https:\/\/www.anchor.eu\/app\/uploads\/2021\/01\/Michael_Verken_V7A1707_Anchor_Rechtsanwaelte-375x500.jpg 375w, https:\/\/www.anchor.eu\/app\/uploads\/2021\/01\/Michael_Verken_V7A1707_Anchor_Rechtsanwaelte-87x116.jpg 87w, https:\/\/www.anchor.eu\/app\/uploads\/2021\/01\/Michael_Verken_V7A1707_Anchor_Rechtsanwaelte.jpg 2048w, https:\/\/www.anchor.eu\/app\/uploads\/2021\/01\/Michael_Verken_V7A1707_Anchor_Rechtsanwaelte-400x533@2x.jpg 800w, https:\/\/www.anchor.eu\/app\/uploads\/2021\/01\/Michael_Verken_V7A1707_Anchor_Rechtsanwaelte-225x300@2x.jpg 450w, https:\/\/www.anchor.eu\/app\/uploads\/2021\/01\/Michael_Verken_V7A1707_Anchor_Rechtsanwaelte-768x1024@2x.jpg 1536w, https:\/\/www.anchor.eu\/app\/uploads\/2021\/01\/Michael_Verken_V7A1707_Anchor_Rechtsanwaelte-415x553@2x.jpg 830w, https:\/\/www.anchor.eu\/app\/uploads\/2021\/01\/Michael_Verken_V7A1707_Anchor_Rechtsanwaelte-375x500@2x.jpg 750w\" sizes=\"(max-width: 400px) 100vw, 400px\" \/><\/figure>\n<\/div>\n\n\n\n<div class=\"wp-block-cgb-slide swiper-slide\">\n<figure class=\"wp-block-image size-cover-portrait\"><img decoding=\"async\" width=\"400\" height=\"533\" src=\"https:\/\/www.anchor.eu\/app\/uploads\/2021\/01\/Michael_Verken_V7A1728_Anchor_Rechtsanwaelte-400x533.jpg\" alt=\"\" class=\"wp-image-45046\" srcset=\"https:\/\/www.anchor.eu\/app\/uploads\/2021\/01\/Michael_Verken_V7A1728_Anchor_Rechtsanwaelte-400x533.jpg 400w, https:\/\/www.anchor.eu\/app\/uploads\/2021\/01\/Michael_Verken_V7A1728_Anchor_Rechtsanwaelte-225x300.jpg 225w, https:\/\/www.anchor.eu\/app\/uploads\/2021\/01\/Michael_Verken_V7A1728_Anchor_Rechtsanwaelte-768x1024.jpg 768w, https:\/\/www.anchor.eu\/app\/uploads\/2021\/01\/Michael_Verken_V7A1728_Anchor_Rechtsanwaelte-1153x1536.jpg 1153w, https:\/\/www.anchor.eu\/app\/uploads\/2021\/01\/Michael_Verken_V7A1728_Anchor_Rechtsanwaelte-1537x2048.jpg 1537w, https:\/\/www.anchor.eu\/app\/uploads\/2021\/01\/Michael_Verken_V7A1728_Anchor_Rechtsanwaelte-113x150.jpg 113w, https:\/\/www.anchor.eu\/app\/uploads\/2021\/01\/Michael_Verken_V7A1728_Anchor_Rechtsanwaelte-415x553.jpg 415w, https:\/\/www.anchor.eu\/app\/uploads\/2021\/01\/Michael_Verken_V7A1728_Anchor_Rechtsanwaelte-375x500.jpg 375w, https:\/\/www.anchor.eu\/app\/uploads\/2021\/01\/Michael_Verken_V7A1728_Anchor_Rechtsanwaelte-87x116.jpg 87w, https:\/\/www.anchor.eu\/app\/uploads\/2021\/01\/Michael_Verken_V7A1728_Anchor_Rechtsanwaelte.jpg 2048w, https:\/\/www.anchor.eu\/app\/uploads\/2021\/01\/Michael_Verken_V7A1728_Anchor_Rechtsanwaelte-400x533@2x.jpg 800w, https:\/\/www.anchor.eu\/app\/uploads\/2021\/01\/Michael_Verken_V7A1728_Anchor_Rechtsanwaelte-225x300@2x.jpg 450w, https:\/\/www.anchor.eu\/app\/uploads\/2021\/01\/Michael_Verken_V7A1728_Anchor_Rechtsanwaelte-768x1024@2x.jpg 1536w, https:\/\/www.anchor.eu\/app\/uploads\/2021\/01\/Michael_Verken_V7A1728_Anchor_Rechtsanwaelte-415x553@2x.jpg 830w, https:\/\/www.anchor.eu\/app\/uploads\/2021\/01\/Michael_Verken_V7A1728_Anchor_Rechtsanwaelte-375x500@2x.jpg 750w\" sizes=\"(max-width: 400px) 100vw, 400px\" \/><\/figure>\n<\/div>\n\n\n\n<div class=\"wp-block-cgb-slide swiper-slide\">\n<figure class=\"wp-block-image size-cover-portrait\"><img decoding=\"async\" width=\"400\" height=\"533\" src=\"https:\/\/www.anchor.eu\/app\/uploads\/2021\/01\/Michael_Verken_V7A1555_Anchor_Rechtsanwaelte-400x533.jpg\" alt=\"\" class=\"wp-image-45034\" srcset=\"https:\/\/www.anchor.eu\/app\/uploads\/2021\/01\/Michael_Verken_V7A1555_Anchor_Rechtsanwaelte-400x533.jpg 400w, https:\/\/www.anchor.eu\/app\/uploads\/2021\/01\/Michael_Verken_V7A1555_Anchor_Rechtsanwaelte-225x300.jpg 225w, https:\/\/www.anchor.eu\/app\/uploads\/2021\/01\/Michael_Verken_V7A1555_Anchor_Rechtsanwaelte-768x1024.jpg 768w, https:\/\/www.anchor.eu\/app\/uploads\/2021\/01\/Michael_Verken_V7A1555_Anchor_Rechtsanwaelte-1153x1536.jpg 1153w, https:\/\/www.anchor.eu\/app\/uploads\/2021\/01\/Michael_Verken_V7A1555_Anchor_Rechtsanwaelte-1537x2048.jpg 1537w, https:\/\/www.anchor.eu\/app\/uploads\/2021\/01\/Michael_Verken_V7A1555_Anchor_Rechtsanwaelte-113x150.jpg 113w, https:\/\/www.anchor.eu\/app\/uploads\/2021\/01\/Michael_Verken_V7A1555_Anchor_Rechtsanwaelte-415x553.jpg 415w, https:\/\/www.anchor.eu\/app\/uploads\/2021\/01\/Michael_Verken_V7A1555_Anchor_Rechtsanwaelte-375x500.jpg 375w, https:\/\/www.anchor.eu\/app\/uploads\/2021\/01\/Michael_Verken_V7A1555_Anchor_Rechtsanwaelte-87x116.jpg 87w, https:\/\/www.anchor.eu\/app\/uploads\/2021\/01\/Michael_Verken_V7A1555_Anchor_Rechtsanwaelte.jpg 2048w, https:\/\/www.anchor.eu\/app\/uploads\/2021\/01\/Michael_Verken_V7A1555_Anchor_Rechtsanwaelte-400x533@2x.jpg 800w, https:\/\/www.anchor.eu\/app\/uploads\/2021\/01\/Michael_Verken_V7A1555_Anchor_Rechtsanwaelte-225x300@2x.jpg 450w, https:\/\/www.anchor.eu\/app\/uploads\/2021\/01\/Michael_Verken_V7A1555_Anchor_Rechtsanwaelte-768x1024@2x.jpg 1536w, https:\/\/www.anchor.eu\/app\/uploads\/2021\/01\/Michael_Verken_V7A1555_Anchor_Rechtsanwaelte-415x553@2x.jpg 830w, https:\/\/www.anchor.eu\/app\/uploads\/2021\/01\/Michael_Verken_V7A1555_Anchor_Rechtsanwaelte-375x500@2x.jpg 750w\" sizes=\"(max-width: 400px) 100vw, 400px\" \/><\/figure>\n<\/div>\n<\/div><div class=\"swiper-pagination\"><\/div><div class=\"swiper-button-prev\"><\/div><div class=\"swiper-button-next\"><\/div><\/div><\/div>\n\n\n\n<div class=\"wp-block-columns is-layout-flex wp-container-core-columns-is-layout-8f761849 wp-block-columns-is-layout-flex\">\n<div class=\"wp-block-column is-layout-flow wp-block-column-is-layout-flow\">\n<h4 class=\"wp-block-heading\">Domaines d\u2019activit\u00e9<\/h4>\n\n\n\n<ul class=\"wp-block-list\">\n<li><a href=\"https:\/\/www.anchor.eu\/fr\/mandat\/avocats\/#possibilites-d-assainissement-cadre-de-restructuration-auto-administration-procedure-de-garantie-plan-d-insolvabilite\"><\/a><a href=\"https:\/\/www.anchor.eu\/fr\/services\/auto-administration-eigenverwaltung\/\">Auto-administration (Eigenverwaltung)<\/a><\/li>\n\n\n\n<li><a href=\"https:\/\/www.anchor.eu\/fr\/mandat\/avocats\/#possibilites-d-assainissement-cadre-de-restructuration-auto-administration-procedure-de-garantie-plan-d-insolvabilite\"><\/a><a href=\"https:\/\/www.anchor.eu\/fr\/mandat\/avocats\/#schutzschirmverfahren-und-eigenverwaltung\"><\/a><a href=\"https:\/\/www.anchor.eu\/fr\/services\/administration-de-linsolvabilite\/\">Administration de l\u2019insolvabilit\u00e9<\/a><\/li>\n\n\n\n<li><a href=\"https:\/\/www.anchor.eu\/fr\/mandat\/avocats\/#possibilites-d-assainissement-cadre-de-restructuration-auto-administration-procedure-de-garantie-plan-d-insolvabilite\"><\/a><a href=\"https:\/\/www.anchor.eu\/fr\/mandat\/avocats\/#schutzschirmverfahren-und-eigenverwaltung\"><\/a><a href=\"https:\/\/www.anchor.eu\/fr\/services\/administration-des-biens-sachwaltung\/\">Administration des biens (Sachwaltung)<\/a><\/li>\n\n\n\n<li>proc\u00e9dure du bouclier protecteur<\/li>\n\n\n\n<li><a href=\"https:\/\/www.anchor.eu\/fr\/services\/options-de-reorganisation-et-de-restructuration-preventive-starug\/\">Options de r\u00e9organisation et restructuration pr\u00e9ventive (StaRUG)<\/a><\/li>\n<\/ul>\n<\/div>\n\n\n\n<div class=\"wp-block-column is-layout-flow wp-block-column-is-layout-flow\">\n<h4 class=\"wp-block-heading\">Distinctions<\/h4>\n\n\n\n<ul class=\"wp-block-list\">\n<li>Handelsblatt \u00ab Les meilleurs avocats d&#8217;Allemagne \u00bb : Michael Verken est distingu\u00e9 depuis 2025 comme &#8220;Best Lawyers in Germany&#8221; pour la restructuration et le droit de l&#8217;insolvabilit\u00e9. Derni\u00e8rement pour 2026.<\/li>\n\n\n\n<li>WirtschaftsWoche : &#8220;meilleur avocat 2026&#8221; dans le domaine du droit de l\u2019insolvabilit\u00e9.<\/li>\n\n\n\n<li>Leaders League : avocat recommand\u00e9 dans le domaine de l&#8217;insolvabilit\u00e9<\/li>\n<\/ul>\n<\/div>\n<\/div>\n\n\n\n<div class=\"wp-block-columns is-layout-flex wp-container-core-columns-is-layout-8f761849 wp-block-columns-is-layout-flex\">\n<div class=\"wp-block-column is-layout-flow wp-block-column-is-layout-flow\">\n<h4 class=\"wp-block-heading\">\u00c9tudes \/ Carri\u00e8re<\/h4>\n\n\n\n<ul class=\"wp-block-list\">\n<li>\u00c9tudes de droit \u00e0 M\u00fcnchen<\/li>\n\n\n\n<li>Stage juridique \u00e0 M\u00fcnchen<\/li>\n\n\n\n<li>Formation de m\u00e9diateur \u00e9conomique<\/li>\n<\/ul>\n<\/div>\n\n\n\n<div class=\"wp-block-column is-layout-flow wp-block-column-is-layout-flow\">\n<h4 class=\"wp-block-heading\">Adh\u00e9sions<\/h4>\n\n\n\n<ul class=\"wp-block-list\">\n<li>Association des avocats de Weilheim-Schongau (Anwaltverein Weilheim-Schongau e.V.)<\/li>\n\n\n\n<li>Groupe de travail FORUM des jeunes avocats (DAV)<\/li>\n\n\n\n<li>Circonscription hambourgeoise pour le droit fiscal en mati\u00e8re d\u2019assainissement et d\u2019insolvabilit\u00e9 (Hamburger Kreis f\u00fcr Sanierungs- und Insolvenzsteuerrecht e.V.)<\/li>\n\n\n\n<li>Nouvelle association des administrateurs d\u2019insolvabilit\u00e9 en Allemagne (Neue Insolvenzverwaltervereinigung Deutschlands e.V. (NIVD))<\/li>\n\n\n\n<li>Association des administrateurs judiciaires d&#8217;Allemagne (VID)<\/li>\n<\/ul>\n<\/div>\n<\/div>\n","protected":false},"featured_media":45049,"template":"","function":[71,70],"class_list":["post-6448","team","type-team","status-publish","has-post-thumbnail","hentry","function-associes","function-avocats"],"acf":[],"yoast_head":"<!-- This site is optimized with the Yoast SEO plugin v28.1 - https:\/\/yoast.com\/product\/yoast-seo-wordpress\/ -->\n<title>Michael Verken - Anchor<\/title>\n<meta name=\"robots\" content=\"index, follow, max-snippet:-1, max-image-preview:large, max-video-preview:-1\" \/>\n<link rel=\"canonical\" href=\"https:\/\/www.anchor.eu\/fr\/team\/michael-verken\/\" \/>\n<meta property=\"og:locale\" content=\"fr_FR\" \/>\n<meta property=\"og:type\" content=\"article\" \/>\n<meta property=\"og:title\" content=\"Michael Verken - Anchor\" \/>\n<meta property=\"og:url\" content=\"https:\/\/www.anchor.eu\/fr\/team\/michael-verken\/\" \/>\n<meta property=\"og:site_name\" content=\"Anchor\" \/>\n<meta property=\"article:modified_time\" content=\"2026-06-30T07:54:28+00:00\" \/>\n<meta property=\"og:image\" content=\"https:\/\/www.anchor.eu\/app\/uploads\/2021\/01\/Michael_Verken_V7A1778_Anchor_Rechtsanwaelte.jpg\" \/>\n\t<meta property=\"og:image:width\" content=\"2048\" \/>\n\t<meta property=\"og:image:height\" content=\"2729\" \/>\n\t<meta property=\"og:image:type\" content=\"image\/jpeg\" \/>\n<meta name=\"twitter:card\" content=\"summary_large_image\" \/>\n<meta name=\"twitter:label1\" content=\"Est. reading time\" \/>\n\t<meta name=\"twitter:data1\" content=\"3 minutes\" \/>\n<script type=\"application\/ld+json\" class=\"yoast-schema-graph\">{\"@context\":\"https:\\\/\\\/schema.org\",\"@graph\":[{\"@type\":\"WebPage\",\"@id\":\"https:\\\/\\\/www.anchor.eu\\\/fr\\\/team\\\/michael-verken\\\/\",\"url\":\"https:\\\/\\\/www.anchor.eu\\\/fr\\\/team\\\/michael-verken\\\/\",\"name\":\"Michael Verken - Anchor\",\"isPartOf\":{\"@id\":\"https:\\\/\\\/www.anchor.eu\\\/fr\\\/#website\"},\"primaryImageOfPage\":{\"@id\":\"https:\\\/\\\/www.anchor.eu\\\/fr\\\/team\\\/michael-verken\\\/#primaryimage\"},\"image\":{\"@id\":\"https:\\\/\\\/www.anchor.eu\\\/fr\\\/team\\\/michael-verken\\\/#primaryimage\"},\"thumbnailUrl\":\"https:\\\/\\\/www.anchor.eu\\\/app\\\/uploads\\\/2021\\\/01\\\/Michael_Verken_V7A1778_Anchor_Rechtsanwaelte.jpg\",\"datePublished\":\"2021-01-04T13:35:08+00:00\",\"dateModified\":\"2026-06-30T07:54:28+00:00\",\"breadcrumb\":{\"@id\":\"https:\\\/\\\/www.anchor.eu\\\/fr\\\/team\\\/michael-verken\\\/#breadcrumb\"},\"inLanguage\":\"fr-FR\",\"potentialAction\":[{\"@type\":\"ReadAction\",\"target\":[\"https:\\\/\\\/www.anchor.eu\\\/fr\\\/team\\\/michael-verken\\\/\"]}]},{\"@type\":\"ImageObject\",\"inLanguage\":\"fr-FR\",\"@id\":\"https:\\\/\\\/www.anchor.eu\\\/fr\\\/team\\\/michael-verken\\\/#primaryimage\",\"url\":\"https:\\\/\\\/www.anchor.eu\\\/app\\\/uploads\\\/2021\\\/01\\\/Michael_Verken_V7A1778_Anchor_Rechtsanwaelte.jpg\",\"contentUrl\":\"https:\\\/\\\/www.anchor.eu\\\/app\\\/uploads\\\/2021\\\/01\\\/Michael_Verken_V7A1778_Anchor_Rechtsanwaelte.jpg\",\"width\":2048,\"height\":2729},{\"@type\":\"BreadcrumbList\",\"@id\":\"https:\\\/\\\/www.anchor.eu\\\/fr\\\/team\\\/michael-verken\\\/#breadcrumb\",\"itemListElement\":[{\"@type\":\"ListItem\",\"position\":1,\"name\":\"Home\",\"item\":\"https:\\\/\\\/www.anchor.eu\\\/fr\\\/\"},{\"@type\":\"ListItem\",\"position\":2,\"name\":\"\u00c9quipe\",\"item\":\"https:\\\/\\\/www.anchor.eu\\\/fr\\\/team\\\/\"},{\"@type\":\"ListItem\",\"position\":3,\"name\":\"Michael Verken\"}]},{\"@type\":\"WebSite\",\"@id\":\"https:\\\/\\\/www.anchor.eu\\\/fr\\\/#website\",\"url\":\"https:\\\/\\\/www.anchor.eu\\\/fr\\\/\",\"name\":\"Anchor\",\"description\":\"Le cabinet d'avocats pour l'insolvabilit\u00e9 et le redressement.\",\"potentialAction\":[{\"@type\":\"SearchAction\",\"target\":{\"@type\":\"EntryPoint\",\"urlTemplate\":\"https:\\\/\\\/www.anchor.eu\\\/fr\\\/?s={search_term_string}\"},\"query-input\":{\"@type\":\"PropertyValueSpecification\",\"valueRequired\":true,\"valueName\":\"search_term_string\"}}],\"inLanguage\":\"fr-FR\"}]}<\/script>\n<!-- \/ Yoast SEO plugin. -->","yoast_head_json":{"title":"Michael Verken - Anchor","robots":{"index":"index","follow":"follow","max-snippet":"max-snippet:-1","max-image-preview":"max-image-preview:large","max-video-preview":"max-video-preview:-1"},"canonical":"https:\/\/www.anchor.eu\/fr\/team\/michael-verken\/","og_locale":"fr_FR","og_type":"article","og_title":"Michael Verken - Anchor","og_url":"https:\/\/www.anchor.eu\/fr\/team\/michael-verken\/","og_site_name":"Anchor","article_modified_time":"2026-06-30T07:54:28+00:00","og_image":[{"width":2048,"height":2729,"url":"https:\/\/www.anchor.eu\/app\/uploads\/2021\/01\/Michael_Verken_V7A1778_Anchor_Rechtsanwaelte.jpg","type":"image\/jpeg"}],"twitter_card":"summary_large_image","twitter_misc":{"Est. reading time":"3 minutes"},"schema":{"@context":"https:\/\/schema.org","@graph":[{"@type":"WebPage","@id":"https:\/\/www.anchor.eu\/fr\/team\/michael-verken\/","url":"https:\/\/www.anchor.eu\/fr\/team\/michael-verken\/","name":"Michael Verken - Anchor","isPartOf":{"@id":"https:\/\/www.anchor.eu\/fr\/#website"},"primaryImageOfPage":{"@id":"https:\/\/www.anchor.eu\/fr\/team\/michael-verken\/#primaryimage"},"image":{"@id":"https:\/\/www.anchor.eu\/fr\/team\/michael-verken\/#primaryimage"},"thumbnailUrl":"https:\/\/www.anchor.eu\/app\/uploads\/2021\/01\/Michael_Verken_V7A1778_Anchor_Rechtsanwaelte.jpg","datePublished":"2021-01-04T13:35:08+00:00","dateModified":"2026-06-30T07:54:28+00:00","breadcrumb":{"@id":"https:\/\/www.anchor.eu\/fr\/team\/michael-verken\/#breadcrumb"},"inLanguage":"fr-FR","potentialAction":[{"@type":"ReadAction","target":["https:\/\/www.anchor.eu\/fr\/team\/michael-verken\/"]}]},{"@type":"ImageObject","inLanguage":"fr-FR","@id":"https:\/\/www.anchor.eu\/fr\/team\/michael-verken\/#primaryimage","url":"https:\/\/www.anchor.eu\/app\/uploads\/2021\/01\/Michael_Verken_V7A1778_Anchor_Rechtsanwaelte.jpg","contentUrl":"https:\/\/www.anchor.eu\/app\/uploads\/2021\/01\/Michael_Verken_V7A1778_Anchor_Rechtsanwaelte.jpg","width":2048,"height":2729},{"@type":"BreadcrumbList","@id":"https:\/\/www.anchor.eu\/fr\/team\/michael-verken\/#breadcrumb","itemListElement":[{"@type":"ListItem","position":1,"name":"Home","item":"https:\/\/www.anchor.eu\/fr\/"},{"@type":"ListItem","position":2,"name":"\u00c9quipe","item":"https:\/\/www.anchor.eu\/fr\/team\/"},{"@type":"ListItem","position":3,"name":"Michael Verken"}]},{"@type":"WebSite","@id":"https:\/\/www.anchor.eu\/fr\/#website","url":"https:\/\/www.anchor.eu\/fr\/","name":"Anchor","description":"Le cabinet d'avocats pour l'insolvabilit\u00e9 et le redressement.","potentialAction":[{"@type":"SearchAction","target":{"@type":"EntryPoint","urlTemplate":"https:\/\/www.anchor.eu\/fr\/?s={search_term_string}"},"query-input":{"@type":"PropertyValueSpecification","valueRequired":true,"valueName":"search_term_string"}}],"inLanguage":"fr-FR"}]}},"_links":{"self":[{"href":"https:\/\/www.anchor.eu\/fr\/wp-json\/wp\/v2\/team\/6448","targetHints":{"allow":["GET"]}}],"collection":[{"href":"https:\/\/www.anchor.eu\/fr\/wp-json\/wp\/v2\/team"}],"about":[{"href":"https:\/\/www.anchor.eu\/fr\/wp-json\/wp\/v2\/types\/team"}],"version-history":[{"count":31,"href":"https:\/\/www.anchor.eu\/fr\/wp-json\/wp\/v2\/team\/6448\/revisions"}],"predecessor-version":[{"id":55439,"href":"https:\/\/www.anchor.eu\/fr\/wp-json\/wp\/v2\/team\/6448\/revisions\/55439"}],"wp:featuredmedia":[{"embeddable":true,"href":"https:\/\/www.anchor.eu\/fr\/wp-json\/wp\/v2\/media\/45049"}],"wp:attachment":[{"href":"https:\/\/www.anchor.eu\/fr\/wp-json\/wp\/v2\/media?parent=6448"}],"wp:term":[{"taxonomy":"function","embeddable":true,"href":"https:\/\/www.anchor.eu\/fr\/wp-json\/wp\/v2\/function?post=6448"}],"curies":[{"name":"wp","href":"https:\/\/api.w.org\/{rel}","templated":true}]}}