{"id":6450,"date":"2021-01-04T14:35:20","date_gmt":"2021-01-04T13:35:20","guid":{"rendered":"https:\/\/www.anchor.eu\/team\/vincenz-von-braun\/"},"modified":"2026-06-08T11:22:14","modified_gmt":"2026-06-08T09:22:14","slug":"vincenz-von-braun","status":"publish","type":"team","link":"https:\/\/www.anchor.eu\/fr\/team\/vincenz-von-braun\/","title":{"rendered":"Vincenz von Braun"},"content":{"rendered":"\n<h3 class=\"wp-block-heading\">Associ\u00e9 | Directeur | Avocat<\/h3>\n\n\n\n<div class=\"wp-block-columns is-layout-flex wp-container-core-columns-is-layout-8f761849 wp-block-columns-is-layout-flex\">\n<div class=\"wp-block-column is-layout-flow wp-block-column-is-layout-flow\">\n<p class=\"wp-block-paragraph\">Cabinet:<br>Munich<\/p>\n<\/div>\n\n\n\n<div class=\"wp-block-column is-layout-flow wp-block-column-is-layout-flow\">\n<p class=\"wp-block-paragraph\">T\u00e9l.: <br><a href=\"tel:+49 (0)89 287 881-0\">+49 (0)89 287 881-0<\/a><\/p>\n<\/div>\n\n\n\n<div class=\"wp-block-column is-layout-flow wp-block-column-is-layout-flow\">\n<p class=\"wp-block-paragraph\">Fax: <br>+49 (0)89 287 881-29<\/p>\n<\/div>\n\n\n\n<div class=\"wp-block-column is-layout-flow wp-block-column-is-layout-flow\">\n<p class=\"wp-block-paragraph\">E-mail: <br><a href=\"mailto:vincenz.braun@anchor.eu\">vincenz.braun@anchor.eu<\/a><\/p>\n<\/div>\n\n\n\n<div class=\"wp-block-column is-vertically-aligned-bottom is-layout-flow wp-block-column-is-layout-flow\">\n<div class=\"wp-block-group is-nowrap is-layout-flex wp-container-core-group-is-layout-f221bfd0 wp-block-group-is-layout-flex\"><div class=\"wp-block-image\">\n<figure class=\"alignright size-full is-resized\"><a href=\"https:\/\/www.anchor.eu\/app\/uploads\/2025\/07\/Vincenz-von-Braun-FR.vcf\" target=\"_blank\" rel=\" noreferrer noopener\"><img decoding=\"async\" src=\"https:\/\/www.anchor.eu\/app\/uploads\/2023\/05\/Anchor-VK-Icon.svg\" alt=\"\" class=\"wp-image-44851\" style=\"width:20px;height:auto\"\/><\/a><\/figure>\n<\/div>\n\n<div class=\"wp-block-image\">\n<figure class=\"alignright size-full is-resized\"><a href=\"https:\/\/de.linkedin.com\/in\/vincenz-von-braun-3b37bb40\" target=\"_blank\" rel=\" noreferrer noopener\"><img decoding=\"async\" src=\"https:\/\/www.anchor.eu\/app\/uploads\/2020\/07\/Anchor-LinkedIn-Icon.svg\" alt=\"\" class=\"wp-image-44614\" style=\"width:20px\"\/><\/a><\/figure>\n<\/div><\/div>\n<\/div>\n<\/div>\n\n\n\n<div class=\"wp-block-cgb-slideshow\"><div class=\"swiper-container\"><div class=\"swiper-wrapper\"><figure class=\"swiper-slide\"><img decoding=\"async\" src=\"https:\/\/www.anchor.eu\/app\/uploads\/2020\/07\/Vincenz_von_Braun_15_Anchor_Rechtsanwaelte-375x500.jpg\" alt=\"\" width=\"375\" height=\"500\" class=\"wp-image-1005\"\/><\/figure><figure class=\"swiper-slide\"><img decoding=\"async\" src=\"https:\/\/www.anchor.eu\/app\/uploads\/2020\/07\/Vincenz_von_Braun_06_Anchor_Rechtsanwaelte-375x500.jpg\" alt=\"\" width=\"375\" height=\"500\" class=\"wp-image-1002\"\/><\/figure><figure class=\"swiper-slide\"><img decoding=\"async\" src=\"https:\/\/www.anchor.eu\/app\/uploads\/2020\/07\/Vincenz_von_Braun_03_Anchor_Rechtsanwaelte-375x500.jpg\" alt=\"\" width=\"375\" height=\"500\" class=\"wp-image-996\"\/><\/figure><figure class=\"swiper-slide\"><img decoding=\"async\" src=\"https:\/\/www.anchor.eu\/app\/uploads\/2020\/07\/Vincenz_von_Braun_02_Anchor_Rechtsanwaelte-375x500.jpg\" alt=\"\" width=\"375\" height=\"500\" class=\"wp-image-993\"\/><\/figure><\/div><div class=\"swiper-pagination\"><\/div><div class=\"swiper-button-prev\"><\/div><div class=\"swiper-button-next\"><\/div><\/div><\/div>\n\n\n\n<div class=\"wp-block-columns is-layout-flex wp-container-core-columns-is-layout-8f761849 wp-block-columns-is-layout-flex\">\n<div class=\"wp-block-column is-layout-flow wp-block-column-is-layout-flow\">\n<h4 class=\"wp-block-heading\">Domaines d\u2019activit\u00e9<\/h4>\n\n\n\n<ul class=\"wp-block-list\">\n<li><a href=\"https:\/\/www.anchor.eu\/fr\/mandat\/avocats\/#possibilites-d-assainissement-cadre-de-restructuration-auto-administration-procedure-de-garantie-plan-d-insolvabilite\"><\/a><a href=\"https:\/\/www.anchor.eu\/fr\/services\/auto-administration-eigenverwaltung\/\">Auto-administration (Eigenverwaltung)<\/a><\/li>\n\n\n\n<li><a href=\"https:\/\/www.anchor.eu\/fr\/services\/administration-de-linsolvabilite\/\">Administration de l\u2019insolvabilit\u00e9<\/a><\/li>\n\n\n\n<li><a href=\"https:\/\/www.anchor.eu\/fr\/services\/conseil-en-gestion\/\">Conseil en gestion<\/a><\/li>\n\n\n\n<li><a href=\"https:\/\/www.anchor.eu\/fr\/services\/options-de-reorganisation-et-de-restructuration-preventive-starug\/\">Options de r\u00e9organisation et restructuration pr\u00e9ventive (StaRUG)<\/a><\/li>\n\n\n\n<li><a href=\"https:\/\/www.anchor.eu\/fr\/services\/modeles-fiduciaires-et-liquidations\/\">Mod\u00e8les fiduciaires et liquidations<\/a><\/li>\n\n\n\n<li>proc\u00e9dure du bouclier protecteur<\/li>\n<\/ul>\n<\/div>\n\n\n\n<div class=\"wp-block-column is-layout-flow wp-block-column-is-layout-flow\">\n<h4 class=\"wp-block-heading\">Mention<\/h4>\n\n\n\n<ul class=\"wp-block-list\">\n<li>The Legal 500 : avocat recommand\u00e9 dans le domaine de la restructuration<\/li>\n\n\n\n<li>WirtschaftsWoche&nbsp;: meilleur avocat 2018 dans le domaine du droit de l\u2019insolvabilit\u00e9.<\/li>\n<\/ul>\n<\/div>\n<\/div>\n\n\n\n<div class=\"wp-block-columns is-layout-flex wp-container-core-columns-is-layout-8f761849 wp-block-columns-is-layout-flex\">\n<div class=\"wp-block-column is-layout-flow wp-block-column-is-layout-flow\">\n<h4 class=\"wp-block-heading\">\u00c9tudes \/ Carri\u00e8re<\/h4>\n\n\n\n<ul class=\"wp-block-list\">\n<li>\u00c9tudes de droit \u00e0 Bonn et \u00e0 Berlin<\/li>\n\n\n\n<li>Conseiller en gestion chez Bain &amp; Co. \u00c0 Munich<\/li>\n\n\n\n<li>Avocat chez Wellensiek Rechtsanw\u00e4lte \u00e0 Heidelberg et \u00e0 Munich<\/li>\n\n\n\n<li>Partenaire fondateur d\u2019Anchor Rechtsanw\u00e4lte<\/li>\n<\/ul>\n<\/div>\n\n\n\n<div class=\"wp-block-column is-layout-flow wp-block-column-is-layout-flow\">\n<h4 class=\"wp-block-heading\">Adh\u00e9sions<\/h4>\n\n\n\n<ul class=\"wp-block-list\">\n<li>Soci\u00e9t\u00e9 pour la restructuration de TMA Allemagne (Gesellschaft f\u00fcr Restrukturierung TMA Deutschland e.V.)<\/li>\n\n\n\n<li>Groupe de travail sp\u00e9cialis\u00e9 en droit de l\u2019insolvabilit\u00e9 et en assainissement (DAV)<\/li>\n\n\n\n<li>Association du Barreau allemand (Deutscher Anwaltverein e.V. (DAV))<\/li>\n\n\n\n<li>Association du Barreau de Munich (M\u00fcnchener Anwaltverein e.V. (MAV))<\/li>\n\n\n\n<li>Conseil d\u2019administration du Club des hommes de Munich (M\u00fcnchener Herrenclub e.V.)<\/li>\n\n\n\n<li>Conseil d\u2019administration de l\u2019Association pour la promotion de l\u2019art et de la culture dans les nouveaux L\u00e4nder (Verein zur Kunst- und Kulturf\u00f6rderung in den Neuen L\u00e4ndern e.V. (<a rel=\"noreferrer noopener\" href=\"http:\/\/www.vkf-ev.de\/\" target=\"_blank\">VKF<\/a>)<\/li>\n<\/ul>\n<\/div>\n<\/div>\n","protected":false},"featured_media":992,"template":"","function":[71,70,72,28],"class_list":["post-6450","team","type-team","status-publish","has-post-thumbnail","hentry","function-associes","function-avocats","function-management"],"acf":[],"yoast_head":"<!-- This site is optimized with the Yoast SEO plugin v28.1 - https:\/\/yoast.com\/product\/yoast-seo-wordpress\/ -->\n<title>Vincenz von Braun - Anchor<\/title>\n<meta name=\"robots\" content=\"index, follow, max-snippet:-1, max-image-preview:large, max-video-preview:-1\" \/>\n<link rel=\"canonical\" href=\"https:\/\/www.anchor.eu\/fr\/team\/vincenz-von-braun\/\" \/>\n<meta property=\"og:locale\" content=\"fr_FR\" \/>\n<meta property=\"og:type\" content=\"article\" \/>\n<meta property=\"og:title\" content=\"Vincenz von Braun - Anchor\" \/>\n<meta property=\"og:url\" content=\"https:\/\/www.anchor.eu\/fr\/team\/vincenz-von-braun\/\" \/>\n<meta property=\"og:site_name\" content=\"Anchor\" \/>\n<meta property=\"article:modified_time\" content=\"2026-06-08T09:22:14+00:00\" \/>\n<meta property=\"og:image\" content=\"https:\/\/www.anchor.eu\/app\/uploads\/2020\/07\/Vincenz_von_Braun_01_Anchor_Rechtsanwaelte-scaled.jpg\" \/>\n\t<meta property=\"og:image:width\" content=\"1920\" \/>\n\t<meta property=\"og:image:height\" content=\"2560\" \/>\n\t<meta property=\"og:image:type\" content=\"image\/jpeg\" \/>\n<meta name=\"twitter:card\" content=\"summary_large_image\" \/>\n<meta name=\"twitter:label1\" content=\"Est. reading time\" \/>\n\t<meta name=\"twitter:data1\" content=\"3 minutes\" \/>\n<script type=\"application\/ld+json\" class=\"yoast-schema-graph\">{\"@context\":\"https:\\\/\\\/schema.org\",\"@graph\":[{\"@type\":\"WebPage\",\"@id\":\"https:\\\/\\\/www.anchor.eu\\\/fr\\\/team\\\/vincenz-von-braun\\\/\",\"url\":\"https:\\\/\\\/www.anchor.eu\\\/fr\\\/team\\\/vincenz-von-braun\\\/\",\"name\":\"Vincenz von Braun - Anchor\",\"isPartOf\":{\"@id\":\"https:\\\/\\\/www.anchor.eu\\\/fr\\\/#website\"},\"primaryImageOfPage\":{\"@id\":\"https:\\\/\\\/www.anchor.eu\\\/fr\\\/team\\\/vincenz-von-braun\\\/#primaryimage\"},\"image\":{\"@id\":\"https:\\\/\\\/www.anchor.eu\\\/fr\\\/team\\\/vincenz-von-braun\\\/#primaryimage\"},\"thumbnailUrl\":\"https:\\\/\\\/www.anchor.eu\\\/app\\\/uploads\\\/2020\\\/07\\\/Vincenz_von_Braun_01_Anchor_Rechtsanwaelte-scaled.jpg\",\"datePublished\":\"2021-01-04T13:35:20+00:00\",\"dateModified\":\"2026-06-08T09:22:14+00:00\",\"breadcrumb\":{\"@id\":\"https:\\\/\\\/www.anchor.eu\\\/fr\\\/team\\\/vincenz-von-braun\\\/#breadcrumb\"},\"inLanguage\":\"fr-FR\",\"potentialAction\":[{\"@type\":\"ReadAction\",\"target\":[\"https:\\\/\\\/www.anchor.eu\\\/fr\\\/team\\\/vincenz-von-braun\\\/\"]}]},{\"@type\":\"ImageObject\",\"inLanguage\":\"fr-FR\",\"@id\":\"https:\\\/\\\/www.anchor.eu\\\/fr\\\/team\\\/vincenz-von-braun\\\/#primaryimage\",\"url\":\"https:\\\/\\\/www.anchor.eu\\\/app\\\/uploads\\\/2020\\\/07\\\/Vincenz_von_Braun_01_Anchor_Rechtsanwaelte-scaled.jpg\",\"contentUrl\":\"https:\\\/\\\/www.anchor.eu\\\/app\\\/uploads\\\/2020\\\/07\\\/Vincenz_von_Braun_01_Anchor_Rechtsanwaelte-scaled.jpg\",\"width\":1920,\"height\":2560},{\"@type\":\"BreadcrumbList\",\"@id\":\"https:\\\/\\\/www.anchor.eu\\\/fr\\\/team\\\/vincenz-von-braun\\\/#breadcrumb\",\"itemListElement\":[{\"@type\":\"ListItem\",\"position\":1,\"name\":\"Home\",\"item\":\"https:\\\/\\\/www.anchor.eu\\\/fr\\\/\"},{\"@type\":\"ListItem\",\"position\":2,\"name\":\"\u00c9quipe\",\"item\":\"https:\\\/\\\/www.anchor.eu\\\/fr\\\/team\\\/\"},{\"@type\":\"ListItem\",\"position\":3,\"name\":\"Vincenz von Braun\"}]},{\"@type\":\"WebSite\",\"@id\":\"https:\\\/\\\/www.anchor.eu\\\/fr\\\/#website\",\"url\":\"https:\\\/\\\/www.anchor.eu\\\/fr\\\/\",\"name\":\"Anchor\",\"description\":\"Le cabinet d'avocats pour l'insolvabilit\u00e9 et le redressement.\",\"potentialAction\":[{\"@type\":\"SearchAction\",\"target\":{\"@type\":\"EntryPoint\",\"urlTemplate\":\"https:\\\/\\\/www.anchor.eu\\\/fr\\\/?s={search_term_string}\"},\"query-input\":{\"@type\":\"PropertyValueSpecification\",\"valueRequired\":true,\"valueName\":\"search_term_string\"}}],\"inLanguage\":\"fr-FR\"}]}<\/script>\n<!-- \/ Yoast SEO plugin. -->","yoast_head_json":{"title":"Vincenz von Braun - Anchor","robots":{"index":"index","follow":"follow","max-snippet":"max-snippet:-1","max-image-preview":"max-image-preview:large","max-video-preview":"max-video-preview:-1"},"canonical":"https:\/\/www.anchor.eu\/fr\/team\/vincenz-von-braun\/","og_locale":"fr_FR","og_type":"article","og_title":"Vincenz von Braun - Anchor","og_url":"https:\/\/www.anchor.eu\/fr\/team\/vincenz-von-braun\/","og_site_name":"Anchor","article_modified_time":"2026-06-08T09:22:14+00:00","og_image":[{"width":1920,"height":2560,"url":"https:\/\/www.anchor.eu\/app\/uploads\/2020\/07\/Vincenz_von_Braun_01_Anchor_Rechtsanwaelte-scaled.jpg","type":"image\/jpeg"}],"twitter_card":"summary_large_image","twitter_misc":{"Est. reading time":"3 minutes"},"schema":{"@context":"https:\/\/schema.org","@graph":[{"@type":"WebPage","@id":"https:\/\/www.anchor.eu\/fr\/team\/vincenz-von-braun\/","url":"https:\/\/www.anchor.eu\/fr\/team\/vincenz-von-braun\/","name":"Vincenz von Braun - Anchor","isPartOf":{"@id":"https:\/\/www.anchor.eu\/fr\/#website"},"primaryImageOfPage":{"@id":"https:\/\/www.anchor.eu\/fr\/team\/vincenz-von-braun\/#primaryimage"},"image":{"@id":"https:\/\/www.anchor.eu\/fr\/team\/vincenz-von-braun\/#primaryimage"},"thumbnailUrl":"https:\/\/www.anchor.eu\/app\/uploads\/2020\/07\/Vincenz_von_Braun_01_Anchor_Rechtsanwaelte-scaled.jpg","datePublished":"2021-01-04T13:35:20+00:00","dateModified":"2026-06-08T09:22:14+00:00","breadcrumb":{"@id":"https:\/\/www.anchor.eu\/fr\/team\/vincenz-von-braun\/#breadcrumb"},"inLanguage":"fr-FR","potentialAction":[{"@type":"ReadAction","target":["https:\/\/www.anchor.eu\/fr\/team\/vincenz-von-braun\/"]}]},{"@type":"ImageObject","inLanguage":"fr-FR","@id":"https:\/\/www.anchor.eu\/fr\/team\/vincenz-von-braun\/#primaryimage","url":"https:\/\/www.anchor.eu\/app\/uploads\/2020\/07\/Vincenz_von_Braun_01_Anchor_Rechtsanwaelte-scaled.jpg","contentUrl":"https:\/\/www.anchor.eu\/app\/uploads\/2020\/07\/Vincenz_von_Braun_01_Anchor_Rechtsanwaelte-scaled.jpg","width":1920,"height":2560},{"@type":"BreadcrumbList","@id":"https:\/\/www.anchor.eu\/fr\/team\/vincenz-von-braun\/#breadcrumb","itemListElement":[{"@type":"ListItem","position":1,"name":"Home","item":"https:\/\/www.anchor.eu\/fr\/"},{"@type":"ListItem","position":2,"name":"\u00c9quipe","item":"https:\/\/www.anchor.eu\/fr\/team\/"},{"@type":"ListItem","position":3,"name":"Vincenz von Braun"}]},{"@type":"WebSite","@id":"https:\/\/www.anchor.eu\/fr\/#website","url":"https:\/\/www.anchor.eu\/fr\/","name":"Anchor","description":"Le cabinet d'avocats pour l'insolvabilit\u00e9 et le redressement.","potentialAction":[{"@type":"SearchAction","target":{"@type":"EntryPoint","urlTemplate":"https:\/\/www.anchor.eu\/fr\/?s={search_term_string}"},"query-input":{"@type":"PropertyValueSpecification","valueRequired":true,"valueName":"search_term_string"}}],"inLanguage":"fr-FR"}]}},"_links":{"self":[{"href":"https:\/\/www.anchor.eu\/fr\/wp-json\/wp\/v2\/team\/6450","targetHints":{"allow":["GET"]}}],"collection":[{"href":"https:\/\/www.anchor.eu\/fr\/wp-json\/wp\/v2\/team"}],"about":[{"href":"https:\/\/www.anchor.eu\/fr\/wp-json\/wp\/v2\/types\/team"}],"version-history":[{"count":29,"href":"https:\/\/www.anchor.eu\/fr\/wp-json\/wp\/v2\/team\/6450\/revisions"}],"predecessor-version":[{"id":55173,"href":"https:\/\/www.anchor.eu\/fr\/wp-json\/wp\/v2\/team\/6450\/revisions\/55173"}],"wp:featuredmedia":[{"embeddable":true,"href":"https:\/\/www.anchor.eu\/fr\/wp-json\/wp\/v2\/media\/992"}],"wp:attachment":[{"href":"https:\/\/www.anchor.eu\/fr\/wp-json\/wp\/v2\/media?parent=6450"}],"wp:term":[{"taxonomy":"function","embeddable":true,"href":"https:\/\/www.anchor.eu\/fr\/wp-json\/wp\/v2\/function?post=6450"}],"curies":[{"name":"wp","href":"https:\/\/api.w.org\/{rel}","templated":true}]}}